{"id":1280,"date":"2025-06-10T12:30:02","date_gmt":"2025-06-10T10:30:02","guid":{"rendered":"https:\/\/masialapalma.com\/?page_id=1280"},"modified":"2025-06-13T09:43:21","modified_gmt":"2025-06-13T07:43:21","slug":"eventos-en-la-masia","status":"publish","type":"page","link":"https:\/\/masialapalma.com\/es\/eventos-en-la-masia\/","title":{"rendered":"Eventos en la Mas\u00eda"},"content":{"rendered":"\t\t<div data-elementor-type=\"wp-page\" data-elementor-id=\"1280\" class=\"elementor elementor-1280\" data-elementor-post-type=\"page\">\n\t\t\t\t<div class=\"elementor-element elementor-element-40f6892 e-flex e-con-boxed e-con e-parent\" data-id=\"40f6892\" data-element_type=\"container\" data-e-type=\"container\" data-settings=\"{&quot;background_background&quot;:&quot;classic&quot;}\">\n\t\t\t\t\t<div class=\"e-con-inner\">\n\t\t\t\t<div class=\"elementor-element elementor-element-38148db elementor-widget elementor-widget-heading\" data-id=\"38148db\" data-element_type=\"widget\" data-e-type=\"widget\" data-widget_type=\"heading.default\">\n\t\t\t\t<div class=\"elementor-widget-container\">\n\t\t\t\t\t<h1 class=\"elementor-heading-title elementor-size-default\">Eventos en la Mas\u00eda<\/h1>\t\t\t\t<\/div>\n\t\t\t\t<\/div>\n\t\t\t\t\t<\/div>\n\t\t\t\t<\/div>\n\t\t<div class=\"elementor-element elementor-element-f995434 elementor-hidden-tablet elementor-hidden-mobile e-flex e-con-boxed e-con e-parent\" data-id=\"f995434\" data-element_type=\"container\" data-e-type=\"container\">\n\t\t\t\t\t<div class=\"e-con-inner\">\n\t\t\t\t<div class=\"elementor-element elementor-element-c4486a8 elementor-widget elementor-widget-shortcode\" data-id=\"c4486a8\" data-element_type=\"widget\" data-e-type=\"widget\" data-widget_type=\"shortcode.default\">\n\t\t\t\t<div class=\"elementor-widget-container\">\n\t\t\t\t\t\t\t<div class=\"elementor-shortcode\">        <link href=\"https:\/\/fonts.googleapis.com\/css2?family=Montserrat:ital,wght@0,100;0,200;0,300;0,400;0,500;0,600;0,700;0,800;0,900;1,100;1,200;1,300;1,400;1,500;1,600;1,700;1,800;1,900&display=swap\" rel=\"stylesheet\">\r\n<style>\r\n    .avc-calendar.avc-calendar-1 {\r\n        background-color: rgba(82.29, 107.42, 108.43, 0.27);\r\n        border-width: 0px;\r\n        border-color: rgba(0,0,0,1);\r\n        border-radius: 4px;\r\n        column-gap: 16px;\r\n        row-gap: 16px;\r\n        font-family: \"Montserrat\";\r\n    }\r\n\r\n    \r\n    .avc-calendar.avc-calendar-1>.avc-input {\r\n        background-color: rgba(255,255,255,1);\r\n        border-width: 0px;\r\n        border-color: rgba(0,0,0,1);\r\n        border-radius: 4px;\r\n        color: rgba(82, 107, 108, 1);\r\n        font-size: 14px;\r\n        padding-top: 16px;\r\n        padding-bottom: 16px;\r\n    }\r\n    \r\n    .avc-calendar.avc-calendar-1>.avc-input>i {\r\n        color: rgba(82, 107, 108, 1);\r\n    }\r\n\r\n    .avc-calendar.avc-calendar-1>.avc-input>input {\r\n        font-size: 14px;\r\n    }\r\n\r\n    \/* Separated because of this: https:\/\/stackoverflow.com\/a\/39155868 *\/\r\n    .avc-calendar.avc-calendar-1input::placeholder {\r\n        color: inherit;\r\n        font-size: inherit;\r\n    }\r\n\r\n    .avc-calendar.avc-calendar-1input::-moz-placeholder {\r\n        color: inherit;\r\n        font-size: inherit;\r\n    }\r\n\r\n    .avc-calendar.avc-calendar-1input::-webkit-input-placeholder {\r\n        color: inherit;\r\n        font-size: inherit;\r\n    }\r\n\r\n    .avc-calendar.avc-calendar-1input:-ms-input-placeholder {\r\n        color: inherit;\r\n        font-size: inherit;\r\n    }\r\n\r\n    .avc-calendar.avc-calendar-1input::-ms-input-placeholder {\r\n        color: inherit;\r\n        font-size: inherit;\r\n    }\r\n\r\n    .avc-calendar.avc-calendar-1>.avc-button {\r\n        background-color: rgba(82, 107, 108, 1);\r\n        border-width: 0px;\r\n        border-color: rgba(0,0,0,1);\r\n        border-radius: 4px;\r\n        color: rgba(255,255,255,1);\r\n        font-size: 14px;\r\n        padding-top: 16px;\r\n        padding-bottom: 16px;\r\n    }\r\n\r\n    .avc-calendar.avc-calendar-1:not(.avc-calendar-v)>.avc-button {\r\n        width: 25%;\r\n    }\r\n\r\n    .avc-calendar.avc-calendar-1>.avc-button:hover {\r\n        background-color: rgba(91,114,115,1);\r\n    }\r\n\r\n    .avc-datepicker.avc-datepicker-1.ui-state-highlight {\r\n        border: 1px solid rgba(82, 107, 108, 1);\r\n        color: rgba(82, 107, 108, 1);\r\n    }\r\n\r\n    .avc-datepicker.avc-datepicker-1.ui-state-highlight:not(.ui-state-active):hover {\r\n        background-color: rgba(229,233,233,1);\r\n    }\r\n\r\n    .avc-datepicker.avc-datepicker-1.ui-datepicker table>tbody>tr>td>a.ui-state-active.ui-state-default {\r\n        border: 1px solid rgba(82, 107, 108, 1) !important;\r\n        background-color: rgba(82, 107, 108, 1) !important;\r\n        color: rgba(255,255,255,1) !important;\r\n    }\r\n<\/style>        \r\n<div class=\"avc-calendar avc-calendar-1  avc-calendar-spacing \" data-id=\"1\" id=\"avc-1\" data-categories=\"[]\" data-lang=\"es\" data-globalredirect=\"false\" data-globalredirectId=\"0\" >\r\n    <select\r\n        class=\"avc-input avc-establishment avc-establishment-1  avc-calendar-spacing \" style=\"display: none;\"\r\n        data-single=\"1\"\r\n        data-default-webcode=\"59945521\"\r\n    >\r\n        <option value=\"\">Establecimientos<\/option>\r\n                <option value=\"59945521\" data-id=\"1\">\r\n            masialapalma        <\/option>\r\n            <\/select>\r\n        <label class=\"avc-input\">\r\n                    <i class=\"material-icons\">calendar_today<\/i>\r\n                <input type=\"text\" class=\"avc-arrival\" placeholder=\"Llegada\" readonly data-id=\"1\">\r\n    <\/label>\r\n    <label class=\"avc-input\">\r\n                    <i class=\"material-icons\">calendar_today<\/i>\r\n                <input type=\"text\" class=\"avc-departure\" placeholder=\"Salida\" readonly data-id=\"1\">\r\n    <\/label>\r\n    <label class=\"avc-input\" style=\"display: block;\">\r\n        <input type=\"text\" class=\"avc-promotion\" placeholder=\"C\u00f3digo promocional\" value=\"\">\r\n    <\/label>\r\n    <button class=\"avc-button\" onclick=\"go_to_bengine(1)\" >Reservar<\/button>\r\n    <input type=\"hidden\" id=\"avinput_redirect\" value=\"false\" data-pageRedirURL=\"https:\/\/masialapalma.com\/es\/eventos-en-la-masia\/\">\r\n    <input type=\"hidden\" id=\"avinput_san\" value=\"false\">\r\n    <input type=\"hidden\" id=\"avinput_zones\" value=\"false\">\r\n<\/div><\/div>\n\t\t\t\t\t\t<\/div>\n\t\t\t\t<\/div>\n\t\t\t\t\t<\/div>\n\t\t\t\t<\/div>\n\t\t<div class=\"elementor-element elementor-element-2d7b61a elementor-hidden-desktop e-flex e-con-boxed e-con e-parent\" data-id=\"2d7b61a\" data-element_type=\"container\" data-e-type=\"container\">\n\t\t\t\t\t<div class=\"e-con-inner\">\n\t\t\t\t<div class=\"elementor-element elementor-element-c9ee352 elementor-mobile-align-center elementor-align-center elementor-tablet-align-center elementor-hidden-desktop elementor-widget elementor-widget-button\" data-id=\"c9ee352\" data-element_type=\"widget\" data-e-type=\"widget\" data-widget_type=\"button.default\">\n\t\t\t\t<div class=\"elementor-widget-container\">\n\t\t\t\t\t\t\t\t\t<div class=\"elementor-button-wrapper\">\n\t\t\t\t\t<a class=\"elementor-button elementor-button-link elementor-size-sm\" href=\"https:\/\/booking.avirato.com\/?code=59945521\" target=\"_blank\">\n\t\t\t\t\t\t<span class=\"elementor-button-content-wrapper\">\n\t\t\t\t\t\t\t\t\t<span class=\"elementor-button-text\">reserva ahora<\/span>\n\t\t\t\t\t<\/span>\n\t\t\t\t\t<\/a>\n\t\t\t\t<\/div>\n\t\t\t\t\t\t\t\t<\/div>\n\t\t\t\t<\/div>\n\t\t\t\t\t<\/div>\n\t\t\t\t<\/div>\n\t\t<div class=\"elementor-element elementor-element-ab6924f e-flex e-con-boxed e-con e-parent\" data-id=\"ab6924f\" data-element_type=\"container\" data-e-type=\"container\">\n\t\t\t\t\t<div class=\"e-con-inner\">\n\t\t<div class=\"elementor-element elementor-element-28eed01 e-con-full e-grid e-con e-child\" data-id=\"28eed01\" data-element_type=\"container\" data-e-type=\"container\">\n\t\t<div class=\"elementor-element elementor-element-8f200f8 e-con-full e-flex e-con e-child\" data-id=\"8f200f8\" data-element_type=\"container\" data-e-type=\"container\">\n\t\t\t\t<div class=\"elementor-element elementor-element-c76ab0f elementor-widget elementor-widget-image\" data-id=\"c76ab0f\" data-element_type=\"widget\" data-e-type=\"widget\" data-widget_type=\"image.default\">\n\t\t\t\t<div class=\"elementor-widget-container\">\n\t\t\t\t\t\t\t\t\t\t\t\t\t\t\t\t<a href=\"https:\/\/masialapalma.com\/wp-content\/uploads\/Sala-para-eventos-en-el-Hotel-Masia-La-Palma.webp\" data-elementor-open-lightbox=\"yes\" data-elementor-lightbox-title=\"Sala para eventos en el Hotel Mas\u00eda La Palma\" data-elementor-lightbox-description=\"Sala para eventos en el Hotel Mas\u00eda La Palma\" data-e-action-hash=\"#elementor-action%3Aaction%3Dlightbox%26settings%3DeyJpZCI6MTU5NywidXJsIjoiaHR0cHM6XC9cL21hc2lhbGFwYWxtYS5jb21cL2VzXC93cC1jb250ZW50XC91cGxvYWRzXC9zaXRlc1wvNFwvU2FsYS1wYXJhLWV2ZW50b3MtZW4tZWwtSG90ZWwtTWFzaWEtTGEtUGFsbWEud2VicCJ9\">\n\t\t\t\t\t\t\t<img fetchpriority=\"high\" decoding=\"async\" width=\"1000\" height=\"667\" src=\"https:\/\/masialapalma.com\/es\/wp-content\/uploads\/sites\/4\/Sala-para-eventos-en-el-Hotel-Masia-La-Palma.webp\" class=\"attachment-large size-large wp-image-1597\" alt=\"Sala para eventos en el Hotel Mas\u00eda La Palma\" srcset=\"https:\/\/masialapalma.com\/es\/wp-content\/uploads\/sites\/4\/Sala-para-eventos-en-el-Hotel-Masia-La-Palma.webp 1000w, https:\/\/masialapalma.com\/es\/wp-content\/uploads\/sites\/4\/Sala-para-eventos-en-el-Hotel-Masia-La-Palma-768x512.webp 768w\" sizes=\"(max-width: 1000px) 100vw, 1000px\" \/>\t\t\t\t\t\t\t\t<\/a>\n\t\t\t\t\t\t\t\t\t\t\t\t\t\t\t<\/div>\n\t\t\t\t<\/div>\n\t\t\t\t<\/div>\n\t\t<div class=\"elementor-element elementor-element-97cf565 e-con-full e-flex e-con e-child\" data-id=\"97cf565\" data-element_type=\"container\" data-e-type=\"container\">\n\t\t\t\t<div class=\"elementor-element elementor-element-669b3c1 elementor-widget elementor-widget-image\" data-id=\"669b3c1\" data-element_type=\"widget\" data-e-type=\"widget\" data-widget_type=\"image.default\">\n\t\t\t\t<div class=\"elementor-widget-container\">\n\t\t\t\t\t\t\t\t\t\t\t\t\t\t\t\t<a href=\"https:\/\/masialapalma.com\/wp-content\/uploads\/Eventos-en-Hotel-Masia-La-Palma-mesa-con-agua.webp\" data-elementor-open-lightbox=\"yes\" data-elementor-lightbox-title=\"Eventos en Hotel Mas\u00eda La Palma mesa con agua\" data-elementor-lightbox-description=\"Eventos en Hotel Mas\u00eda La Palma mesa con agua\" data-e-action-hash=\"#elementor-action%3Aaction%3Dlightbox%26settings%3DeyJpZCI6MTMwNiwidXJsIjoiaHR0cHM6XC9cL21hc2lhbGFwYWxtYS5jb21cL2VzXC93cC1jb250ZW50XC91cGxvYWRzXC9zaXRlc1wvNFwvRXZlbnRvcy1lbi1Ib3RlbC1NYXNpYS1MYS1QYWxtYS1tZXNhLWNvbi1hZ3VhLndlYnAifQ%3D%3D\">\n\t\t\t\t\t\t\t<img decoding=\"async\" width=\"670\" height=\"437\" src=\"https:\/\/masialapalma.com\/es\/wp-content\/uploads\/sites\/4\/Eventos-en-Hotel-Masia-La-Palma-mesa-con-agua.webp\" class=\"attachment-large size-large wp-image-1306\" alt=\"Eventos en Hotel Mas\u00eda La Palma mesa con agua\" \/>\t\t\t\t\t\t\t\t<\/a>\n\t\t\t\t\t\t\t\t\t\t\t\t\t\t\t<\/div>\n\t\t\t\t<\/div>\n\t\t\t\t<\/div>\n\t\t<div class=\"elementor-element elementor-element-96bfa31 e-con-full e-flex e-con e-child\" data-id=\"96bfa31\" data-element_type=\"container\" data-e-type=\"container\">\n\t\t\t\t<div class=\"elementor-element elementor-element-676e568 elementor-widget elementor-widget-image\" data-id=\"676e568\" data-element_type=\"widget\" data-e-type=\"widget\" data-widget_type=\"image.default\">\n\t\t\t\t<div class=\"elementor-widget-container\">\n\t\t\t\t\t\t\t\t\t\t\t\t\t\t\t\t<a href=\"https:\/\/masialapalma.com\/wp-content\/uploads\/Eventos-en-Hotel-Masia-La-Palma-ordenador-en-mesa.webp\" data-elementor-open-lightbox=\"yes\" data-elementor-lightbox-title=\"Eventos en Hotel Mas\u00eda La Palma ordenador en mesa\" data-elementor-lightbox-description=\"Eventos en Hotel Mas\u00eda La Palma ordenador en mesa\" data-e-action-hash=\"#elementor-action%3Aaction%3Dlightbox%26settings%3DeyJpZCI6MTMwNywidXJsIjoiaHR0cHM6XC9cL21hc2lhbGFwYWxtYS5jb21cL2VzXC93cC1jb250ZW50XC91cGxvYWRzXC9zaXRlc1wvNFwvRXZlbnRvcy1lbi1Ib3RlbC1NYXNpYS1MYS1QYWxtYS1vcmRlbmFkb3ItZW4tbWVzYS53ZWJwIn0%3D\">\n\t\t\t\t\t\t\t<img decoding=\"async\" width=\"670\" height=\"437\" src=\"https:\/\/masialapalma.com\/es\/wp-content\/uploads\/sites\/4\/Eventos-en-Hotel-Masia-La-Palma-ordenador-en-mesa.webp\" class=\"attachment-large size-large wp-image-1307\" alt=\"Eventos en Hotel Mas\u00eda La Palma ordenador en mesa\" \/>\t\t\t\t\t\t\t\t<\/a>\n\t\t\t\t\t\t\t\t\t\t\t\t\t\t\t<\/div>\n\t\t\t\t<\/div>\n\t\t\t\t<\/div>\n\t\t<div class=\"elementor-element elementor-element-208cca4 e-con-full e-flex e-con e-child\" data-id=\"208cca4\" data-element_type=\"container\" data-e-type=\"container\">\n\t\t\t\t<div class=\"elementor-element elementor-element-015b072 elementor-widget elementor-widget-image\" data-id=\"015b072\" data-element_type=\"widget\" data-e-type=\"widget\" data-widget_type=\"image.default\">\n\t\t\t\t<div class=\"elementor-widget-container\">\n\t\t\t\t\t\t\t\t\t\t\t\t\t\t\t\t<a href=\"https:\/\/masialapalma.com\/wp-content\/uploads\/Vajilla-en-Restaurant-sa-Poma-en-Hotel-Masia-La-Palma-1.webp\" data-elementor-open-lightbox=\"yes\" data-elementor-lightbox-title=\"Vajilla en Restaurant sa Poma en Hotel Mas\u00eda La Palma\" data-elementor-lightbox-description=\"Vajilla en Restaurant sa Poma en Hotel Mas\u00eda La Palma\" data-e-action-hash=\"#elementor-action%3Aaction%3Dlightbox%26settings%3DeyJpZCI6MTU5MywidXJsIjoiaHR0cHM6XC9cL21hc2lhbGFwYWxtYS5jb21cL2VzXC93cC1jb250ZW50XC91cGxvYWRzXC9zaXRlc1wvNFwvVmFqaWxsYS1lbi1SZXN0YXVyYW50LXNhLVBvbWEtZW4tSG90ZWwtTWFzaWEtTGEtUGFsbWEtMS53ZWJwIn0%3D\">\n\t\t\t\t\t\t\t<img loading=\"lazy\" decoding=\"async\" width=\"1000\" height=\"667\" src=\"https:\/\/masialapalma.com\/es\/wp-content\/uploads\/sites\/4\/Vajilla-en-Restaurant-sa-Poma-en-Hotel-Masia-La-Palma-1.webp\" class=\"attachment-large size-large wp-image-1593\" alt=\"Vajilla en Restaurant sa Poma en Hotel Mas\u00eda La Palma\" srcset=\"https:\/\/masialapalma.com\/es\/wp-content\/uploads\/sites\/4\/Vajilla-en-Restaurant-sa-Poma-en-Hotel-Masia-La-Palma-1.webp 1000w, https:\/\/masialapalma.com\/es\/wp-content\/uploads\/sites\/4\/Vajilla-en-Restaurant-sa-Poma-en-Hotel-Masia-La-Palma-1-768x512.webp 768w\" sizes=\"(max-width: 1000px) 100vw, 1000px\" \/>\t\t\t\t\t\t\t\t<\/a>\n\t\t\t\t\t\t\t\t\t\t\t\t\t\t\t<\/div>\n\t\t\t\t<\/div>\n\t\t\t\t<\/div>\n\t\t\t\t<\/div>\n\t\t<div class=\"elementor-element elementor-element-e2490c2 e-con-full e-flex e-con e-child\" data-id=\"e2490c2\" data-element_type=\"container\" data-e-type=\"container\">\n\t\t<div class=\"elementor-element elementor-element-8b8edcb e-con-full e-flex e-con e-child\" data-id=\"8b8edcb\" data-element_type=\"container\" data-e-type=\"container\">\n\t\t\t\t<div class=\"elementor-element elementor-element-4a1ae27 elementor-widget elementor-widget-heading\" data-id=\"4a1ae27\" data-element_type=\"widget\" data-e-type=\"widget\" data-widget_type=\"heading.default\">\n\t\t\t\t<div class=\"elementor-widget-container\">\n\t\t\t\t\t<h2 class=\"elementor-heading-title elementor-size-default\">un espacio para conectar, celebrar y compartir<\/h2>\t\t\t\t<\/div>\n\t\t\t\t<\/div>\n\t\t\t\t<div class=\"elementor-element elementor-element-c847f59 elementor-widget elementor-widget-heading\" data-id=\"c847f59\" data-element_type=\"widget\" data-e-type=\"widget\" data-widget_type=\"heading.default\">\n\t\t\t\t<div class=\"elementor-widget-container\">\n\t\t\t\t\t<h1 class=\"elementor-heading-title elementor-size-default\">Celebra tus eventos en <br>\nMas\u00eda La Palma<\/h1>\t\t\t\t<\/div>\n\t\t\t\t<\/div>\n\t\t\t\t<div class=\"elementor-element elementor-element-529eb7c elementor-widget elementor-widget-text-editor\" data-id=\"529eb7c\" data-element_type=\"widget\" data-e-type=\"widget\" data-widget_type=\"text-editor.default\">\n\t\t\t\t<div class=\"elementor-widget-container\">\n\t\t\t\t\t\t\t\t\t<ul><li><a>Salones privados.<\/a><\/li><li><a>Equipados con proyector, flipchart y TV.<\/a><\/li><li><a>Actividades dirigidas.<\/a><\/li><li><a>Coffee break en el jard\u00edn.<\/a><\/li><li><a>Men\u00fas gastron\u00f3micos para grupos.<\/a><\/li><li><a>Yoga, catas de vinos y aceites.<\/a><\/li><li><a>11 habitaciones singulares.<\/a><\/li><\/ul>\t\t\t\t\t\t\t\t<\/div>\n\t\t\t\t<\/div>\n\t\t\t\t<div class=\"elementor-element elementor-element-6a333e4 elementor-widget elementor-widget-button\" data-id=\"6a333e4\" data-element_type=\"widget\" data-e-type=\"widget\" data-widget_type=\"button.default\">\n\t\t\t\t<div class=\"elementor-widget-container\">\n\t\t\t\t\t\t\t\t\t<div class=\"elementor-button-wrapper\">\n\t\t\t\t\t<a class=\"elementor-button elementor-button-link elementor-size-sm\" href=\"mailto:info@masialapalma.com\" target=\"_blank\">\n\t\t\t\t\t\t<span class=\"elementor-button-content-wrapper\">\n\t\t\t\t\t\t\t\t\t<span class=\"elementor-button-text\">Contacta<\/span>\n\t\t\t\t\t<\/span>\n\t\t\t\t\t<\/a>\n\t\t\t\t<\/div>\n\t\t\t\t\t\t\t\t<\/div>\n\t\t\t\t<\/div>\n\t\t\t\t<\/div>\n\t\t<div class=\"elementor-element elementor-element-35106e8 e-con-full e-flex e-con e-child\" data-id=\"35106e8\" data-element_type=\"container\" data-e-type=\"container\" data-settings=\"{&quot;background_background&quot;:&quot;classic&quot;}\">\n\t\t\t\t<div class=\"elementor-element elementor-element-da1d184 elementor-widget elementor-widget-text-editor\" data-id=\"da1d184\" data-element_type=\"widget\" data-e-type=\"widget\" data-widget_type=\"text-editor.default\">\n\t\t\t\t<div class=\"elementor-widget-container\">\n\t\t\t\t\t\t\t\t\t<p data-start=\"185\" data-end=\"586\">Rodeado de naturaleza, con jardines, piscina, habitaciones con encanto y un restaurante con alma mediterr\u00e1nea, el <strong data-start=\"1753\" data-end=\"1777\">Hotel Mas\u00eda La Palma<\/strong> es mucho m\u00e1s que un alojamiento, es el escenario ideal para celebrar tu evento.<\/p><p class=\"\" style=\"text-align: justify;\" data-start=\"185\" data-end=\"586\">Convierte tus reuniones de empresa, formaciones, presentaciones o jornadas de team building en una experiencia \u00fanica, lejos del ruido y las distracciones de la ciudad.<br data-start=\"796\" data-end=\"799\" \/>La Mas\u00eda La Palma ofrece <strong data-start=\"824\" data-end=\"854\">salas totalmente equipadas<\/strong>, tecnolog\u00eda audiovisual, conexi\u00f3n Wi-Fi, y sobre todo, un ambiente inspirador que favorece la concentraci\u00f3n, la creatividad y la cohesi\u00f3n de los equipos.<\/p><p data-start=\"185\" data-end=\"586\">Bautizos, aniversarios, comuniones, encuentros familiares o peque\u00f1os enlaces \u00edntimos\u2026 Sea cual sea la ocasi\u00f3n, nuestro equipo cuida cada detalle para que t\u00fa solo te preocupes de disfrutar.<br data-start=\"1458\" data-end=\"1461\" \/>El entorno rural, la atenci\u00f3n cercana y los espacios vers\u00e1tiles hacen de La Mas\u00eda un lugar acogedor, elegante y lleno de posibilidades.<\/p><p data-start=\"185\" data-end=\"586\">Si tienes quieres reservar una de nuestros espacios para un evento o resolver dudas solo tienes que contactar con nosotros: <strong>info@masialapalma.com \/\u00a0 +34 972 19 31 37.\u00a0<\/strong><\/p>\t\t\t\t\t\t\t\t<\/div>\n\t\t\t\t<\/div>\n\t\t\t\t<\/div>\n\t\t\t\t<\/div>\n\t\t\t\t\t<\/div>\n\t\t\t\t<\/div>\n\t\t<div class=\"elementor-element elementor-element-351cc9a e-flex e-con-boxed e-con e-parent\" data-id=\"351cc9a\" data-element_type=\"container\" data-e-type=\"container\">\n\t\t\t\t\t<div class=\"e-con-inner\">\n\t\t<div class=\"elementor-element elementor-element-798cb57 e-con-full e-flex e-con e-child\" data-id=\"798cb57\" data-element_type=\"container\" data-e-type=\"container\">\n\t\t<div class=\"elementor-element elementor-element-8e931e0 e-con-full e-flex e-con e-child\" data-id=\"8e931e0\" data-element_type=\"container\" data-e-type=\"container\">\n\t\t\t\t<div class=\"elementor-element elementor-element-f09a340 elementor-widget elementor-widget-heading\" data-id=\"f09a340\" data-element_type=\"widget\" data-e-type=\"widget\" data-widget_type=\"heading.default\">\n\t\t\t\t<div class=\"elementor-widget-container\">\n\t\t\t\t\t<h2 class=\"elementor-heading-title elementor-size-default\">Men\u00fas personalizados para grupos<\/h2>\t\t\t\t<\/div>\n\t\t\t\t<\/div>\n\t\t\t\t<div class=\"elementor-element elementor-element-fc21bf0 elementor-widget elementor-widget-heading\" data-id=\"fc21bf0\" data-element_type=\"widget\" data-e-type=\"widget\" data-widget_type=\"heading.default\">\n\t\t\t\t<div class=\"elementor-widget-container\">\n\t\t\t\t\t<h1 class=\"elementor-heading-title elementor-size-default\">celebra tu evento en el restaurante<br>\nde La Mas\u00eda<\/h1>\t\t\t\t<\/div>\n\t\t\t\t<\/div>\n\t\t\t\t<div class=\"elementor-element elementor-element-505cc43 elementor-widget elementor-widget-button\" data-id=\"505cc43\" data-element_type=\"widget\" data-e-type=\"widget\" data-widget_type=\"button.default\">\n\t\t\t\t<div class=\"elementor-widget-container\">\n\t\t\t\t\t\t\t\t\t<div class=\"elementor-button-wrapper\">\n\t\t\t\t\t<a class=\"elementor-button elementor-button-link elementor-size-sm\" href=\"https:\/\/masialapalma.com\/es\/restaurant-sa-poma\/\" target=\"_blank\">\n\t\t\t\t\t\t<span class=\"elementor-button-content-wrapper\">\n\t\t\t\t\t\t\t\t\t<span class=\"elementor-button-text\">ver restaurante<\/span>\n\t\t\t\t\t<\/span>\n\t\t\t\t\t<\/a>\n\t\t\t\t<\/div>\n\t\t\t\t\t\t\t\t<\/div>\n\t\t\t\t<\/div>\n\t\t\t\t<\/div>\n\t\t<div class=\"elementor-element elementor-element-6a19f73 e-con-full e-flex e-con e-child\" data-id=\"6a19f73\" data-element_type=\"container\" data-e-type=\"container\" data-settings=\"{&quot;background_background&quot;:&quot;classic&quot;}\">\n\t\t\t\t<\/div>\n\t\t\t\t<\/div>\n\t\t\t\t\t<\/div>\n\t\t\t\t<\/div>\n\t\t<div class=\"elementor-element elementor-element-a1ddc60 e-con-full e-flex e-con e-parent\" data-id=\"a1ddc60\" data-element_type=\"container\" data-e-type=\"container\">\n\t\t\t\t<div class=\"elementor-element elementor-element-f86c5a1 elementor-cta--skin-cover elementor-animated-content elementor-bg-transform elementor-bg-transform-zoom-in elementor-widget elementor-widget-call-to-action\" data-id=\"f86c5a1\" data-element_type=\"widget\" data-e-type=\"widget\" data-widget_type=\"call-to-action.default\">\n\t\t\t\t<div class=\"elementor-widget-container\">\n\t\t\t\t\t\t\t<div class=\"elementor-cta\">\n\t\t\t\t\t<div class=\"elementor-cta__bg-wrapper\">\n\t\t\t\t<div class=\"elementor-cta__bg elementor-bg\" style=\"background-image: url(https:\/\/masialapalma.com\/es\/wp-content\/uploads\/sites\/4\/Mejor-precio-garantizado-en-Masia-la-Palma.webp);\" role=\"img\" aria-label=\"Mejor precio garantizado en Mas\u00eda la Palma\"><\/div>\n\t\t\t\t<div class=\"elementor-cta__bg-overlay\"><\/div>\n\t\t\t<\/div>\n\t\t\t\t\t\t\t<div class=\"elementor-cta__content\">\n\t\t\t\t\n\t\t\t\t\t\t\t\t\t<h2 class=\"elementor-cta__title elementor-cta__content-item elementor-content-item elementor-animated-item--grow\">\n\t\t\t\t\t\tReserva en la web oficial y consigue ventajas exclusivas\t\t\t\t\t<\/h2>\n\t\t\t\t\n\t\t\t\t\t\t\t\t\t<div class=\"elementor-cta__description elementor-cta__content-item elementor-content-item elementor-animated-item--grow\">\n\t\t\t\t\t\tHaz tu reserva directamente en nuestra web oficial y disfruta del mejor precio garantizado. Adem\u00e1s, al reservar con nosotros, te obsequiamos con el desayuno incluido para que comiences el d\u00eda con energ\u00eda.\t\t\t\t\t<\/div>\n\t\t\t\t\n\t\t\t\t\t\t\t\t\t<div class=\"elementor-cta__button-wrapper elementor-cta__content-item elementor-content-item elementor-animated-item--grow\">\n\t\t\t\t\t<a class=\"elementor-cta__button elementor-button elementor-size-\" href=\"https:\/\/booking.avirato.com\/?code=59945521\" target=\"_blank\">\n\t\t\t\t\t\tReserva con ventajas exclusivas\t\t\t\t\t<\/a>\n\t\t\t\t\t<\/div>\n\t\t\t\t\t\t\t<\/div>\n\t\t\t\t\t\t<\/div>\n\t\t\t\t\t\t<\/div>\n\t\t\t\t<\/div>\n\t\t\t\t<\/div>\n\t\t\t\t<\/div>\n\t\t","protected":false},"excerpt":{"rendered":"<p>reserva ahora un espacio para conectar, celebrar y compartir Celebra tus eventos en Mas\u00eda La Palma Salones privados. Equipados con proyector, flipchart y TV. Actividades dirigidas. Coffee break en el jard\u00edn. Men\u00fas gastron\u00f3micos para grupos. Yoga, catas de vinos y aceites. 11 habitaciones singulares. Contacta Rodeado de naturaleza, con jardines, piscina, habitaciones con encanto y [&hellip;]<\/p>\n","protected":false},"author":1,"featured_media":0,"parent":0,"menu_order":0,"comment_status":"closed","ping_status":"closed","template":"elementor_header_footer","meta":{"footnotes":""},"class_list":["post-1280","page","type-page","status-publish","hentry"],"yoast_head":"<!-- This site is optimized with the Yoast SEO plugin v27.4 - https:\/\/yoast.com\/product\/yoast-seo-wordpress\/ -->\n<title>Eventos en la Mas\u00eda - Hotel Mas\u00eda La Palma<\/title>\n<meta name=\"description\" content=\"Celebra els teus esdeveniments a la Masia. Converteix les reunions d&#039;empresa, formacions o jornades de team building en una experi\u00e8ncia \u00fanica\" \/>\n<meta name=\"robots\" content=\"index, follow, max-snippet:-1, max-image-preview:large, max-video-preview:-1\" \/>\n<link rel=\"canonical\" href=\"https:\/\/masialapalma.com\/cat\/esdeveniments-a-la-masia\/\" \/>\n<meta property=\"og:locale\" content=\"es_ES\" \/>\n<meta property=\"og:type\" content=\"article\" \/>\n<meta property=\"og:title\" content=\"Eventos en la Mas\u00eda - Hotel Mas\u00eda La Palma\" \/>\n<meta property=\"og:description\" content=\"Celebra els teus esdeveniments a la Masia. Converteix les reunions d&#039;empresa, formacions o jornades de team building en una experi\u00e8ncia \u00fanica\" \/>\n<meta property=\"og:url\" content=\"https:\/\/masialapalma.com\/cat\/esdeveniments-a-la-masia\/\" \/>\n<meta property=\"og:site_name\" content=\"Hotel Mas\u00eda La Palma\" \/>\n<meta property=\"article:modified_time\" content=\"2025-06-13T07:43:21+00:00\" \/>\n<meta property=\"og:image\" content=\"https:\/\/masialapalma.com\/es\/wp-content\/uploads\/sites\/4\/Sala-para-eventos-en-el-Hotel-Masia-La-Palma.webp\" \/>\n\t<meta property=\"og:image:width\" content=\"1000\" \/>\n\t<meta property=\"og:image:height\" content=\"667\" \/>\n\t<meta property=\"og:image:type\" content=\"image\/webp\" \/>\n<meta name=\"twitter:card\" content=\"summary_large_image\" \/>\n<meta name=\"twitter:label1\" content=\"Tiempo de lectura\" \/>\n\t<meta name=\"twitter:data1\" content=\"3 minutos\" \/>\n<script type=\"application\/ld+json\" class=\"yoast-schema-graph\">{\"@context\":\"https:\\\/\\\/schema.org\",\"@graph\":[{\"@type\":\"WebPage\",\"@id\":\"https:\\\/\\\/masialapalma.com\\\/cat\\\/esdeveniments-a-la-masia\\\/\",\"url\":\"https:\\\/\\\/masialapalma.com\\\/cat\\\/esdeveniments-a-la-masia\\\/\",\"name\":\"Eventos en la Mas\u00eda - Hotel Mas\u00eda La Palma\",\"isPartOf\":{\"@id\":\"https:\\\/\\\/masialapalma.com\\\/cat\\\/#website\"},\"primaryImageOfPage\":{\"@id\":\"https:\\\/\\\/masialapalma.com\\\/cat\\\/esdeveniments-a-la-masia\\\/#primaryimage\"},\"image\":{\"@id\":\"https:\\\/\\\/masialapalma.com\\\/cat\\\/esdeveniments-a-la-masia\\\/#primaryimage\"},\"thumbnailUrl\":\"https:\\\/\\\/masialapalma.com\\\/wp-content\\\/uploads\\\/Sala-para-eventos-en-el-Hotel-Masia-La-Palma.webp\",\"datePublished\":\"2025-06-10T10:30:02+00:00\",\"dateModified\":\"2025-06-13T07:43:21+00:00\",\"description\":\"Celebra els teus esdeveniments a la Masia. Converteix les reunions d'empresa, formacions o jornades de team building en una experi\u00e8ncia \u00fanica\",\"breadcrumb\":{\"@id\":\"https:\\\/\\\/masialapalma.com\\\/cat\\\/esdeveniments-a-la-masia\\\/#breadcrumb\"},\"inLanguage\":\"es\",\"potentialAction\":[{\"@type\":\"ReadAction\",\"target\":[\"https:\\\/\\\/masialapalma.com\\\/cat\\\/esdeveniments-a-la-masia\\\/\"]}]},{\"@type\":\"ImageObject\",\"inLanguage\":\"es\",\"@id\":\"https:\\\/\\\/masialapalma.com\\\/cat\\\/esdeveniments-a-la-masia\\\/#primaryimage\",\"url\":\"https:\\\/\\\/masialapalma.com\\\/wp-content\\\/uploads\\\/Sala-para-eventos-en-el-Hotel-Masia-La-Palma.webp\",\"contentUrl\":\"https:\\\/\\\/masialapalma.com\\\/wp-content\\\/uploads\\\/Sala-para-eventos-en-el-Hotel-Masia-La-Palma.webp\"},{\"@type\":\"BreadcrumbList\",\"@id\":\"https:\\\/\\\/masialapalma.com\\\/cat\\\/esdeveniments-a-la-masia\\\/#breadcrumb\",\"itemListElement\":[{\"@type\":\"ListItem\",\"position\":1,\"name\":\"Portada\",\"item\":\"https:\\\/\\\/masialapalma.com\\\/cat\\\/\"},{\"@type\":\"ListItem\",\"position\":2,\"name\":\"Esdeveniments a la Masia\"}]},{\"@type\":\"WebSite\",\"@id\":\"https:\\\/\\\/masialapalma.com\\\/cat\\\/#website\",\"url\":\"https:\\\/\\\/masialapalma.com\\\/cat\\\/\",\"name\":\"Hotel Mas\u00eda La Palma\",\"description\":\"Gastronom\u00eda &amp; SPA\",\"publisher\":{\"@id\":\"https:\\\/\\\/masialapalma.com\\\/cat\\\/#organization\"},\"potentialAction\":[{\"@type\":\"SearchAction\",\"target\":{\"@type\":\"EntryPoint\",\"urlTemplate\":\"https:\\\/\\\/masialapalma.com\\\/cat\\\/?s={search_term_string}\"},\"query-input\":{\"@type\":\"PropertyValueSpecification\",\"valueRequired\":true,\"valueName\":\"search_term_string\"}}],\"inLanguage\":\"es\"},{\"@type\":\"Organization\",\"@id\":\"https:\\\/\\\/masialapalma.com\\\/cat\\\/#organization\",\"name\":\"Hotel Mas\u00eda La Palma\",\"url\":\"https:\\\/\\\/masialapalma.com\\\/cat\\\/\",\"logo\":{\"@type\":\"ImageObject\",\"inLanguage\":\"es\",\"@id\":\"https:\\\/\\\/masialapalma.com\\\/cat\\\/#\\\/schema\\\/logo\\\/image\\\/\",\"url\":\"https:\\\/\\\/masialapalma.com\\\/es\\\/wp-content\\\/uploads\\\/sites\\\/4\\\/Logotipo-Masia-La-Palma.webp\",\"contentUrl\":\"https:\\\/\\\/masialapalma.com\\\/es\\\/wp-content\\\/uploads\\\/sites\\\/4\\\/Logotipo-Masia-La-Palma.webp\",\"width\":500,\"height\":185,\"caption\":\"Hotel Mas\u00eda La Palma\"},\"image\":{\"@id\":\"https:\\\/\\\/masialapalma.com\\\/cat\\\/#\\\/schema\\\/logo\\\/image\\\/\"}}]}<\/script>\n<!-- \/ Yoast SEO plugin. -->","yoast_head_json":{"title":"Eventos en la Mas\u00eda - Hotel Mas\u00eda La Palma","description":"Celebra els teus esdeveniments a la Masia. Converteix les reunions d'empresa, formacions o jornades de team building en una experi\u00e8ncia \u00fanica","robots":{"index":"index","follow":"follow","max-snippet":"max-snippet:-1","max-image-preview":"max-image-preview:large","max-video-preview":"max-video-preview:-1"},"canonical":"https:\/\/masialapalma.com\/cat\/esdeveniments-a-la-masia\/","og_locale":"es_ES","og_type":"article","og_title":"Eventos en la Mas\u00eda - Hotel Mas\u00eda La Palma","og_description":"Celebra els teus esdeveniments a la Masia. Converteix les reunions d'empresa, formacions o jornades de team building en una experi\u00e8ncia \u00fanica","og_url":"https:\/\/masialapalma.com\/cat\/esdeveniments-a-la-masia\/","og_site_name":"Hotel Mas\u00eda La Palma","article_modified_time":"2025-06-13T07:43:21+00:00","og_image":[{"width":1000,"height":667,"url":"https:\/\/masialapalma.com\/es\/wp-content\/uploads\/sites\/4\/Sala-para-eventos-en-el-Hotel-Masia-La-Palma.webp","type":"image\/webp"}],"twitter_card":"summary_large_image","twitter_misc":{"Tiempo de lectura":"3 minutos"},"schema":{"@context":"https:\/\/schema.org","@graph":[{"@type":"WebPage","@id":"https:\/\/masialapalma.com\/cat\/esdeveniments-a-la-masia\/","url":"https:\/\/masialapalma.com\/cat\/esdeveniments-a-la-masia\/","name":"Eventos en la Mas\u00eda - Hotel Mas\u00eda La Palma","isPartOf":{"@id":"https:\/\/masialapalma.com\/cat\/#website"},"primaryImageOfPage":{"@id":"https:\/\/masialapalma.com\/cat\/esdeveniments-a-la-masia\/#primaryimage"},"image":{"@id":"https:\/\/masialapalma.com\/cat\/esdeveniments-a-la-masia\/#primaryimage"},"thumbnailUrl":"https:\/\/masialapalma.com\/wp-content\/uploads\/Sala-para-eventos-en-el-Hotel-Masia-La-Palma.webp","datePublished":"2025-06-10T10:30:02+00:00","dateModified":"2025-06-13T07:43:21+00:00","description":"Celebra els teus esdeveniments a la Masia. Converteix les reunions d'empresa, formacions o jornades de team building en una experi\u00e8ncia \u00fanica","breadcrumb":{"@id":"https:\/\/masialapalma.com\/cat\/esdeveniments-a-la-masia\/#breadcrumb"},"inLanguage":"es","potentialAction":[{"@type":"ReadAction","target":["https:\/\/masialapalma.com\/cat\/esdeveniments-a-la-masia\/"]}]},{"@type":"ImageObject","inLanguage":"es","@id":"https:\/\/masialapalma.com\/cat\/esdeveniments-a-la-masia\/#primaryimage","url":"https:\/\/masialapalma.com\/wp-content\/uploads\/Sala-para-eventos-en-el-Hotel-Masia-La-Palma.webp","contentUrl":"https:\/\/masialapalma.com\/wp-content\/uploads\/Sala-para-eventos-en-el-Hotel-Masia-La-Palma.webp"},{"@type":"BreadcrumbList","@id":"https:\/\/masialapalma.com\/cat\/esdeveniments-a-la-masia\/#breadcrumb","itemListElement":[{"@type":"ListItem","position":1,"name":"Portada","item":"https:\/\/masialapalma.com\/cat\/"},{"@type":"ListItem","position":2,"name":"Esdeveniments a la Masia"}]},{"@type":"WebSite","@id":"https:\/\/masialapalma.com\/cat\/#website","url":"https:\/\/masialapalma.com\/cat\/","name":"Hotel Mas\u00eda La Palma","description":"Gastronom\u00eda &amp; SPA","publisher":{"@id":"https:\/\/masialapalma.com\/cat\/#organization"},"potentialAction":[{"@type":"SearchAction","target":{"@type":"EntryPoint","urlTemplate":"https:\/\/masialapalma.com\/cat\/?s={search_term_string}"},"query-input":{"@type":"PropertyValueSpecification","valueRequired":true,"valueName":"search_term_string"}}],"inLanguage":"es"},{"@type":"Organization","@id":"https:\/\/masialapalma.com\/cat\/#organization","name":"Hotel Mas\u00eda La Palma","url":"https:\/\/masialapalma.com\/cat\/","logo":{"@type":"ImageObject","inLanguage":"es","@id":"https:\/\/masialapalma.com\/cat\/#\/schema\/logo\/image\/","url":"https:\/\/masialapalma.com\/es\/wp-content\/uploads\/sites\/4\/Logotipo-Masia-La-Palma.webp","contentUrl":"https:\/\/masialapalma.com\/es\/wp-content\/uploads\/sites\/4\/Logotipo-Masia-La-Palma.webp","width":500,"height":185,"caption":"Hotel Mas\u00eda La Palma"},"image":{"@id":"https:\/\/masialapalma.com\/cat\/#\/schema\/logo\/image\/"}}]}},"_links":{"self":[{"href":"https:\/\/masialapalma.com\/es\/wp-json\/wp\/v2\/pages\/1280","targetHints":{"allow":["GET"]}}],"collection":[{"href":"https:\/\/masialapalma.com\/es\/wp-json\/wp\/v2\/pages"}],"about":[{"href":"https:\/\/masialapalma.com\/es\/wp-json\/wp\/v2\/types\/page"}],"author":[{"embeddable":true,"href":"https:\/\/masialapalma.com\/es\/wp-json\/wp\/v2\/users\/1"}],"replies":[{"embeddable":true,"href":"https:\/\/masialapalma.com\/es\/wp-json\/wp\/v2\/comments?post=1280"}],"version-history":[{"count":0,"href":"https:\/\/masialapalma.com\/es\/wp-json\/wp\/v2\/pages\/1280\/revisions"}],"wp:attachment":[{"href":"https:\/\/masialapalma.com\/es\/wp-json\/wp\/v2\/media?parent=1280"}],"curies":[{"name":"wp","href":"https:\/\/api.w.org\/{rel}","templated":true}]}}