{"id":1280,"date":"2025-06-10T12:30:02","date_gmt":"2025-06-10T10:30:02","guid":{"rendered":"https:\/\/masialapalma.com\/?page_id=1280"},"modified":"2026-02-02T11:35:12","modified_gmt":"2026-02-02T10:35:12","slug":"evenements-a-la-masia","status":"publish","type":"page","link":"https:\/\/masialapalma.com\/fr\/evenements-a-la-masia\/","title":{"rendered":"\u00c9v\u00e9nements \u00e0 la Mas\u00eda"},"content":{"rendered":"\t\t<div data-elementor-type=\"wp-page\" data-elementor-id=\"1280\" class=\"elementor elementor-1280\" data-elementor-post-type=\"page\">\n\t\t\t\t<div class=\"elementor-element elementor-element-40f6892 e-flex e-con-boxed e-con e-parent\" data-id=\"40f6892\" data-element_type=\"container\" data-e-type=\"container\" data-settings=\"{&quot;background_background&quot;:&quot;classic&quot;}\">\n\t\t\t\t\t<div class=\"e-con-inner\">\n\t\t\t\t<div class=\"elementor-element elementor-element-38148db elementor-widget elementor-widget-heading\" data-id=\"38148db\" data-element_type=\"widget\" data-e-type=\"widget\" data-widget_type=\"heading.default\">\n\t\t\t\t<div class=\"elementor-widget-container\">\n\t\t\t\t\t<h1 class=\"elementor-heading-title elementor-size-default\">\u00c9v\u00e9nements \u00e0 la Mas\u00eda<\/h1>\t\t\t\t<\/div>\n\t\t\t\t<\/div>\n\t\t\t\t\t<\/div>\n\t\t\t\t<\/div>\n\t\t<div class=\"elementor-element elementor-element-f995434 elementor-hidden-tablet elementor-hidden-mobile e-flex e-con-boxed e-con e-parent\" data-id=\"f995434\" data-element_type=\"container\" data-e-type=\"container\">\n\t\t\t\t\t<div class=\"e-con-inner\">\n\t\t\t\t<div class=\"elementor-element elementor-element-c4486a8 elementor-widget elementor-widget-shortcode\" data-id=\"c4486a8\" data-element_type=\"widget\" data-e-type=\"widget\" data-widget_type=\"shortcode.default\">\n\t\t\t\t<div class=\"elementor-widget-container\">\n\t\t\t\t\t\t\t<div class=\"elementor-shortcode\">        <link href=\"https:\/\/fonts.googleapis.com\/css2?family=Montserrat:ital,wght@0,100;0,200;0,300;0,400;0,500;0,600;0,700;0,800;0,900;1,100;1,200;1,300;1,400;1,500;1,600;1,700;1,800;1,900&display=swap\" rel=\"stylesheet\">\r\n<style>\r\n    .avc-calendar.avc-calendar-1 {\r\n        background-color: rgba(82.29, 107.42, 108.43, 0.27);\r\n        border-width: 0px;\r\n        border-color: rgba(0,0,0,1);\r\n        border-radius: 4px;\r\n        column-gap: 16px;\r\n        row-gap: 16px;\r\n        font-family: \"Montserrat\";\r\n    }\r\n\r\n    \r\n    .avc-calendar.avc-calendar-1>.avc-input {\r\n        background-color: rgba(255,255,255,1);\r\n        border-width: 0px;\r\n        border-color: rgba(0,0,0,1);\r\n        border-radius: 4px;\r\n        color: rgba(82, 107, 108, 1);\r\n        font-size: 14px;\r\n        padding-top: 16px;\r\n        padding-bottom: 16px;\r\n    }\r\n    \r\n    .avc-calendar.avc-calendar-1>.avc-input>i {\r\n        color: rgba(82, 107, 108, 1);\r\n    }\r\n\r\n    .avc-calendar.avc-calendar-1>.avc-input>input {\r\n        font-size: 14px;\r\n    }\r\n\r\n    \/* Separated because of this: https:\/\/stackoverflow.com\/a\/39155868 *\/\r\n    .avc-calendar.avc-calendar-1input::placeholder {\r\n        color: inherit;\r\n        font-size: inherit;\r\n    }\r\n\r\n    .avc-calendar.avc-calendar-1input::-moz-placeholder {\r\n        color: inherit;\r\n        font-size: inherit;\r\n    }\r\n\r\n    .avc-calendar.avc-calendar-1input::-webkit-input-placeholder {\r\n        color: inherit;\r\n        font-size: inherit;\r\n    }\r\n\r\n    .avc-calendar.avc-calendar-1input:-ms-input-placeholder {\r\n        color: inherit;\r\n        font-size: inherit;\r\n    }\r\n\r\n    .avc-calendar.avc-calendar-1input::-ms-input-placeholder {\r\n        color: inherit;\r\n        font-size: inherit;\r\n    }\r\n\r\n    .avc-calendar.avc-calendar-1>.avc-button {\r\n        background-color: rgba(82, 107, 108, 1);\r\n        border-width: 0px;\r\n        border-color: rgba(0,0,0,1);\r\n        border-radius: 4px;\r\n        color: rgba(255,255,255,1);\r\n        font-size: 14px;\r\n        padding-top: 16px;\r\n        padding-bottom: 16px;\r\n    }\r\n\r\n    .avc-calendar.avc-calendar-1:not(.avc-calendar-v)>.avc-button {\r\n        width: 25%;\r\n    }\r\n\r\n    .avc-calendar.avc-calendar-1>.avc-button:hover {\r\n        background-color: rgba(91,114,115,1);\r\n    }\r\n\r\n    .avc-datepicker.avc-datepicker-1.ui-state-highlight {\r\n        border: 1px solid rgba(82, 107, 108, 1);\r\n        color: rgba(82, 107, 108, 1);\r\n    }\r\n\r\n    .avc-datepicker.avc-datepicker-1.ui-state-highlight:not(.ui-state-active):hover {\r\n        background-color: rgba(229,233,233,1);\r\n    }\r\n\r\n    .avc-datepicker.avc-datepicker-1.ui-datepicker table>tbody>tr>td>a.ui-state-active.ui-state-default {\r\n        border: 1px solid rgba(82, 107, 108, 1) !important;\r\n        background-color: rgba(82, 107, 108, 1) !important;\r\n        color: rgba(255,255,255,1) !important;\r\n    }\r\n<\/style>        \r\n<div class=\"avc-calendar avc-calendar-1  avc-calendar-spacing \" data-id=\"1\" id=\"avc-1\" data-categories=\"[]\" data-lang=\"es\" data-globalredirect=\"false\" data-globalredirectId=\"0\" >\r\n    <select\r\n        class=\"avc-input avc-establishment avc-establishment-1  avc-calendar-spacing \" style=\"display: none;\"\r\n        data-single=\"1\"\r\n        data-default-webcode=\"59945521\"\r\n    >\r\n        <option value=\"\">Establecimientos<\/option>\r\n                <option value=\"59945521\" data-id=\"1\">\r\n            masialapalma        <\/option>\r\n            <\/select>\r\n        <label class=\"avc-input\">\r\n                    <i class=\"material-icons\">calendar_today<\/i>\r\n                <input type=\"text\" class=\"avc-arrival\" placeholder=\"Llegada\" readonly data-id=\"1\">\r\n    <\/label>\r\n    <label class=\"avc-input\">\r\n                    <i class=\"material-icons\">calendar_today<\/i>\r\n                <input type=\"text\" class=\"avc-departure\" placeholder=\"Salida\" readonly data-id=\"1\">\r\n    <\/label>\r\n    <label class=\"avc-input\" style=\"display: block;\">\r\n        <input type=\"text\" class=\"avc-promotion\" placeholder=\"C\u00f3digo promocional\" value=\"\">\r\n    <\/label>\r\n    <button class=\"avc-button\" onclick=\"go_to_bengine(1)\" >Reservar<\/button>\r\n    <input type=\"hidden\" id=\"avinput_redirect\" value=\"false\" data-pageRedirURL=\"https:\/\/masialapalma.com\/fr\/evenements-a-la-masia\/\">\r\n    <input type=\"hidden\" id=\"avinput_san\" value=\"false\">\r\n    <input type=\"hidden\" id=\"avinput_zones\" value=\"false\">\r\n<\/div><\/div>\n\t\t\t\t\t\t<\/div>\n\t\t\t\t<\/div>\n\t\t\t\t\t<\/div>\n\t\t\t\t<\/div>\n\t\t<div class=\"elementor-element elementor-element-2d7b61a elementor-hidden-desktop e-flex e-con-boxed e-con e-parent\" data-id=\"2d7b61a\" data-element_type=\"container\" data-e-type=\"container\">\n\t\t\t\t\t<div class=\"e-con-inner\">\n\t\t\t\t<div class=\"elementor-element elementor-element-c9ee352 elementor-mobile-align-center elementor-align-center elementor-tablet-align-center elementor-hidden-desktop elementor-widget elementor-widget-button\" data-id=\"c9ee352\" data-element_type=\"widget\" data-e-type=\"widget\" data-widget_type=\"button.default\">\n\t\t\t\t<div class=\"elementor-widget-container\">\n\t\t\t\t\t\t\t\t\t<div class=\"elementor-button-wrapper\">\n\t\t\t\t\t<a class=\"elementor-button elementor-button-link elementor-size-sm\" href=\"https:\/\/booking.avirato.com\/?code=59945521\" target=\"_blank\">\n\t\t\t\t\t\t<span class=\"elementor-button-content-wrapper\">\n\t\t\t\t\t\t\t\t\t<span class=\"elementor-button-text\">reserva ahora<\/span>\n\t\t\t\t\t<\/span>\n\t\t\t\t\t<\/a>\n\t\t\t\t<\/div>\n\t\t\t\t\t\t\t\t<\/div>\n\t\t\t\t<\/div>\n\t\t\t\t\t<\/div>\n\t\t\t\t<\/div>\n\t\t<div class=\"elementor-element elementor-element-ab6924f e-flex e-con-boxed e-con e-parent\" data-id=\"ab6924f\" data-element_type=\"container\" data-e-type=\"container\">\n\t\t\t\t\t<div class=\"e-con-inner\">\n\t\t<div class=\"elementor-element elementor-element-28eed01 e-con-full e-grid e-con e-child\" data-id=\"28eed01\" data-element_type=\"container\" data-e-type=\"container\">\n\t\t<div class=\"elementor-element elementor-element-8f200f8 e-con-full e-flex e-con e-child\" data-id=\"8f200f8\" data-element_type=\"container\" data-e-type=\"container\">\n\t\t\t\t<div class=\"elementor-element elementor-element-c76ab0f elementor-widget elementor-widget-image\" data-id=\"c76ab0f\" data-element_type=\"widget\" data-e-type=\"widget\" data-widget_type=\"image.default\">\n\t\t\t\t<div class=\"elementor-widget-container\">\n\t\t\t\t\t\t\t\t\t\t\t\t\t\t\t\t<a href=\"https:\/\/masialapalma.com\/wp-content\/uploads\/Sala-para-eventos-en-el-Hotel-Masia-La-Palma.webp\" data-elementor-open-lightbox=\"yes\" data-elementor-lightbox-title=\"Sala para eventos en el Hotel Mas\u00eda La Palma\" data-elementor-lightbox-description=\"Sala para eventos en el Hotel Mas\u00eda La Palma\" data-e-action-hash=\"#elementor-action%3Aaction%3Dlightbox%26settings%3DeyJpZCI6MTU5NywidXJsIjoiaHR0cHM6XC9cL21hc2lhbGFwYWxtYS5jb21cL2ZyXC93cC1jb250ZW50XC91cGxvYWRzXC9zaXRlc1wvM1wvU2FsYS1wYXJhLWV2ZW50b3MtZW4tZWwtSG90ZWwtTWFzaWEtTGEtUGFsbWEud2VicCJ9\">\n\t\t\t\t\t\t\t<img fetchpriority=\"high\" decoding=\"async\" width=\"1000\" height=\"667\" src=\"https:\/\/masialapalma.com\/fr\/wp-content\/uploads\/sites\/3\/Sala-para-eventos-en-el-Hotel-Masia-La-Palma.webp\" class=\"attachment-large size-large wp-image-1597\" alt=\"Sala para eventos en el Hotel Mas\u00eda La Palma\" srcset=\"https:\/\/masialapalma.com\/fr\/wp-content\/uploads\/sites\/3\/Sala-para-eventos-en-el-Hotel-Masia-La-Palma.webp 1000w, https:\/\/masialapalma.com\/fr\/wp-content\/uploads\/sites\/3\/Sala-para-eventos-en-el-Hotel-Masia-La-Palma-768x512.webp 768w\" sizes=\"(max-width: 1000px) 100vw, 1000px\" \/>\t\t\t\t\t\t\t\t<\/a>\n\t\t\t\t\t\t\t\t\t\t\t\t\t\t\t<\/div>\n\t\t\t\t<\/div>\n\t\t\t\t<\/div>\n\t\t<div class=\"elementor-element elementor-element-97cf565 e-con-full e-flex e-con e-child\" data-id=\"97cf565\" data-element_type=\"container\" data-e-type=\"container\">\n\t\t\t\t<div class=\"elementor-element elementor-element-669b3c1 elementor-widget elementor-widget-image\" data-id=\"669b3c1\" data-element_type=\"widget\" data-e-type=\"widget\" data-widget_type=\"image.default\">\n\t\t\t\t<div class=\"elementor-widget-container\">\n\t\t\t\t\t\t\t\t\t\t\t\t\t\t\t\t<a href=\"https:\/\/masialapalma.com\/wp-content\/uploads\/Eventos-en-Hotel-Masia-La-Palma-mesa-con-agua.webp\" data-elementor-open-lightbox=\"yes\" data-elementor-lightbox-title=\"Eventos en Hotel Mas\u00eda La Palma mesa con agua\" data-elementor-lightbox-description=\"Eventos en Hotel Mas\u00eda La Palma mesa con agua\" data-e-action-hash=\"#elementor-action%3Aaction%3Dlightbox%26settings%3DeyJpZCI6MTMwNiwidXJsIjoiaHR0cHM6XC9cL21hc2lhbGFwYWxtYS5jb21cL2ZyXC93cC1jb250ZW50XC91cGxvYWRzXC9zaXRlc1wvM1wvRXZlbnRvcy1lbi1Ib3RlbC1NYXNpYS1MYS1QYWxtYS1tZXNhLWNvbi1hZ3VhLndlYnAifQ%3D%3D\">\n\t\t\t\t\t\t\t<img decoding=\"async\" width=\"670\" height=\"437\" src=\"https:\/\/masialapalma.com\/fr\/wp-content\/uploads\/sites\/3\/Eventos-en-Hotel-Masia-La-Palma-mesa-con-agua.webp\" class=\"attachment-large size-large wp-image-1306\" alt=\"Eventos en Hotel Mas\u00eda La Palma mesa con agua\" \/>\t\t\t\t\t\t\t\t<\/a>\n\t\t\t\t\t\t\t\t\t\t\t\t\t\t\t<\/div>\n\t\t\t\t<\/div>\n\t\t\t\t<\/div>\n\t\t<div class=\"elementor-element elementor-element-96bfa31 e-con-full e-flex e-con e-child\" data-id=\"96bfa31\" data-element_type=\"container\" data-e-type=\"container\">\n\t\t\t\t<div class=\"elementor-element elementor-element-676e568 elementor-widget elementor-widget-image\" data-id=\"676e568\" data-element_type=\"widget\" data-e-type=\"widget\" data-widget_type=\"image.default\">\n\t\t\t\t<div class=\"elementor-widget-container\">\n\t\t\t\t\t\t\t\t\t\t\t\t\t\t\t\t<a href=\"https:\/\/masialapalma.com\/wp-content\/uploads\/Eventos-en-Hotel-Masia-La-Palma-ordenador-en-mesa.webp\" data-elementor-open-lightbox=\"yes\" data-elementor-lightbox-title=\"Eventos en Hotel Mas\u00eda La Palma ordenador en mesa\" data-elementor-lightbox-description=\"Eventos en Hotel Mas\u00eda La Palma ordenador en mesa\" data-e-action-hash=\"#elementor-action%3Aaction%3Dlightbox%26settings%3DeyJpZCI6MTMwNywidXJsIjoiaHR0cHM6XC9cL21hc2lhbGFwYWxtYS5jb21cL2ZyXC93cC1jb250ZW50XC91cGxvYWRzXC9zaXRlc1wvM1wvRXZlbnRvcy1lbi1Ib3RlbC1NYXNpYS1MYS1QYWxtYS1vcmRlbmFkb3ItZW4tbWVzYS53ZWJwIn0%3D\">\n\t\t\t\t\t\t\t<img decoding=\"async\" width=\"670\" height=\"437\" src=\"https:\/\/masialapalma.com\/fr\/wp-content\/uploads\/sites\/3\/Eventos-en-Hotel-Masia-La-Palma-ordenador-en-mesa.webp\" class=\"attachment-large size-large wp-image-1307\" alt=\"Eventos en Hotel Mas\u00eda La Palma ordenador en mesa\" \/>\t\t\t\t\t\t\t\t<\/a>\n\t\t\t\t\t\t\t\t\t\t\t\t\t\t\t<\/div>\n\t\t\t\t<\/div>\n\t\t\t\t<\/div>\n\t\t<div class=\"elementor-element elementor-element-208cca4 e-con-full e-flex e-con e-child\" data-id=\"208cca4\" data-element_type=\"container\" data-e-type=\"container\">\n\t\t\t\t<div class=\"elementor-element elementor-element-015b072 elementor-widget elementor-widget-image\" data-id=\"015b072\" data-element_type=\"widget\" data-e-type=\"widget\" data-widget_type=\"image.default\">\n\t\t\t\t<div class=\"elementor-widget-container\">\n\t\t\t\t\t\t\t\t\t\t\t\t\t\t\t\t<a href=\"https:\/\/masialapalma.com\/wp-content\/uploads\/Vajilla-en-Restaurant-sa-Poma-en-Hotel-Masia-La-Palma-1.webp\" data-elementor-open-lightbox=\"yes\" data-elementor-lightbox-title=\"Vajilla en Restaurant sa Poma en Hotel Mas\u00eda La Palma\" data-elementor-lightbox-description=\"Vajilla en Restaurant sa Poma en Hotel Mas\u00eda La Palma\" data-e-action-hash=\"#elementor-action%3Aaction%3Dlightbox%26settings%3DeyJpZCI6MTU5MywidXJsIjoiaHR0cHM6XC9cL21hc2lhbGFwYWxtYS5jb21cL2ZyXC93cC1jb250ZW50XC91cGxvYWRzXC9zaXRlc1wvM1wvVmFqaWxsYS1lbi1SZXN0YXVyYW50LXNhLVBvbWEtZW4tSG90ZWwtTWFzaWEtTGEtUGFsbWEtMS53ZWJwIn0%3D\">\n\t\t\t\t\t\t\t<img loading=\"lazy\" decoding=\"async\" width=\"1000\" height=\"667\" src=\"https:\/\/masialapalma.com\/fr\/wp-content\/uploads\/sites\/3\/Vajilla-en-Restaurant-sa-Poma-en-Hotel-Masia-La-Palma-1.webp\" class=\"attachment-large size-large wp-image-1593\" alt=\"Vajilla en Restaurant sa Poma en Hotel Mas\u00eda La Palma\" srcset=\"https:\/\/masialapalma.com\/fr\/wp-content\/uploads\/sites\/3\/Vajilla-en-Restaurant-sa-Poma-en-Hotel-Masia-La-Palma-1.webp 1000w, https:\/\/masialapalma.com\/fr\/wp-content\/uploads\/sites\/3\/Vajilla-en-Restaurant-sa-Poma-en-Hotel-Masia-La-Palma-1-768x512.webp 768w\" sizes=\"(max-width: 1000px) 100vw, 1000px\" \/>\t\t\t\t\t\t\t\t<\/a>\n\t\t\t\t\t\t\t\t\t\t\t\t\t\t\t<\/div>\n\t\t\t\t<\/div>\n\t\t\t\t<\/div>\n\t\t\t\t<\/div>\n\t\t<div class=\"elementor-element elementor-element-e2490c2 e-con-full e-flex e-con e-child\" data-id=\"e2490c2\" data-element_type=\"container\" data-e-type=\"container\">\n\t\t<div class=\"elementor-element elementor-element-8b8edcb e-con-full e-flex e-con e-child\" data-id=\"8b8edcb\" data-element_type=\"container\" data-e-type=\"container\">\n\t\t\t\t<div class=\"elementor-element elementor-element-4a1ae27 elementor-widget elementor-widget-heading\" data-id=\"4a1ae27\" data-element_type=\"widget\" data-e-type=\"widget\" data-widget_type=\"heading.default\">\n\t\t\t\t<div class=\"elementor-widget-container\">\n\t\t\t\t\t<h2 class=\"elementor-heading-title elementor-size-default\">un espace pour se connecter, c\u00e9l\u00e9brer et partager<\/h2>\t\t\t\t<\/div>\n\t\t\t\t<\/div>\n\t\t\t\t<div class=\"elementor-element elementor-element-c847f59 elementor-widget elementor-widget-heading\" data-id=\"c847f59\" data-element_type=\"widget\" data-e-type=\"widget\" data-widget_type=\"heading.default\">\n\t\t\t\t<div class=\"elementor-widget-container\">\n\t\t\t\t\t<h1 class=\"elementor-heading-title elementor-size-default\">C\u00e9l\u00e9brez vos \u00e9v\u00e9nements \u00e0 <br>\nMas\u00eda La Palma<\/h1>\t\t\t\t<\/div>\n\t\t\t\t<\/div>\n\t\t\t\t<div class=\"elementor-element elementor-element-529eb7c elementor-widget elementor-widget-text-editor\" data-id=\"529eb7c\" data-element_type=\"widget\" data-e-type=\"widget\" data-widget_type=\"text-editor.default\">\n\t\t\t\t<div class=\"elementor-widget-container\">\n\t\t\t\t\t\t\t\t\t<ul><li>Salles priv\u00e9es.<\/li><li>\u00c9quip\u00e9es d&#8217;un projecteur, d&#8217;un tableau \u00e0 feuilles mobiles et d&#8217;une t\u00e9l\u00e9vision.<\/li><li>Activit\u00e9s guid\u00e9es.<\/li><li>Pause caf\u00e9 dans le jardin.<\/li><li>Menus gastronomiques pour les groupes.<\/li><li>Yoga, d\u00e9gustations de vins et d&#8217;huiles.<\/li><li>11 chambres uniques.<\/li><\/ul>\t\t\t\t\t\t\t\t<\/div>\n\t\t\t\t<\/div>\n\t\t\t\t<div class=\"elementor-element elementor-element-6a333e4 elementor-widget elementor-widget-button\" data-id=\"6a333e4\" data-element_type=\"widget\" data-e-type=\"widget\" data-widget_type=\"button.default\">\n\t\t\t\t<div class=\"elementor-widget-container\">\n\t\t\t\t\t\t\t\t\t<div class=\"elementor-button-wrapper\">\n\t\t\t\t\t<a class=\"elementor-button elementor-button-link elementor-size-sm\" href=\"mailto:info@masialapalma.com\" target=\"_blank\">\n\t\t\t\t\t\t<span class=\"elementor-button-content-wrapper\">\n\t\t\t\t\t\t\t\t\t<span class=\"elementor-button-text\">Contact<\/span>\n\t\t\t\t\t<\/span>\n\t\t\t\t\t<\/a>\n\t\t\t\t<\/div>\n\t\t\t\t\t\t\t\t<\/div>\n\t\t\t\t<\/div>\n\t\t\t\t<\/div>\n\t\t<div class=\"elementor-element elementor-element-35106e8 e-con-full e-flex e-con e-child\" data-id=\"35106e8\" data-element_type=\"container\" data-e-type=\"container\" data-settings=\"{&quot;background_background&quot;:&quot;classic&quot;}\">\n\t\t\t\t<div class=\"elementor-element elementor-element-da1d184 elementor-widget elementor-widget-text-editor\" data-id=\"da1d184\" data-element_type=\"widget\" data-e-type=\"widget\" data-widget_type=\"text-editor.default\">\n\t\t\t\t<div class=\"elementor-widget-container\">\n\t\t\t\t\t\t\t\t\t<p>Entour\u00e9 par la nature, avec ses jardins, sa piscine, ses chambres de charme et son restaurant \u00e0 l&#8217;\u00e2me m\u00e9diterran\u00e9enne, l&#8217;h\u00f4tel Mas\u00eda La Palma est bien plus qu&#8217;un simple h\u00e9bergement, c&#8217;est le cadre id\u00e9al pour c\u00e9l\u00e9brer votre \u00e9v\u00e9nement.<\/p><p>Transformez vos r\u00e9unions d&#8217;entreprise, formations, pr\u00e9sentations ou journ\u00e9es de team building en une exp\u00e9rience unique, loin du bruit et des distractions de la ville.<br \/>La Mas\u00eda La Palma propose des salles enti\u00e8rement \u00e9quip\u00e9es, des technologies audiovisuelles, une connexion Wi-Fi et, surtout, une ambiance inspirante qui favorise la concentration, la cr\u00e9ativit\u00e9 et la coh\u00e9sion des \u00e9quipes.<\/p><p>Bapt\u00eames, anniversaires, communions, r\u00e9unions de famille ou petits mariages intimes&#8230; Quelle que soit l&#8217;occasion, notre \u00e9quipe s&#8217;occupe de chaque d\u00e9tail pour que vous n&#8217;ayez qu&#8217;\u00e0 profiter.<br \/>Le cadre rural, l&#8217;attention personnalis\u00e9e et les espaces polyvalents font de La Mas\u00eda un lieu accueillant, \u00e9l\u00e9gant et plein de possibilit\u00e9s.<\/p><p>Si vous souhaitez r\u00e9server l&#8217;un de nos espaces pour un \u00e9v\u00e9nement ou obtenir des informations, n&#8217;h\u00e9sitez pas \u00e0 nous contacter : info@masialapalma.com \/ +34 972 19 31 37.\u00a0<\/p>\t\t\t\t\t\t\t\t<\/div>\n\t\t\t\t<\/div>\n\t\t\t\t<\/div>\n\t\t\t\t<\/div>\n\t\t\t\t\t<\/div>\n\t\t\t\t<\/div>\n\t\t<div class=\"elementor-element elementor-element-351cc9a e-flex e-con-boxed e-con e-parent\" data-id=\"351cc9a\" data-element_type=\"container\" data-e-type=\"container\">\n\t\t\t\t\t<div class=\"e-con-inner\">\n\t\t<div class=\"elementor-element elementor-element-798cb57 e-con-full e-flex e-con e-child\" data-id=\"798cb57\" data-element_type=\"container\" data-e-type=\"container\">\n\t\t<div class=\"elementor-element elementor-element-8e931e0 e-con-full e-flex e-con e-child\" data-id=\"8e931e0\" data-element_type=\"container\" data-e-type=\"container\">\n\t\t\t\t<div class=\"elementor-element elementor-element-f09a340 elementor-widget elementor-widget-heading\" data-id=\"f09a340\" data-element_type=\"widget\" data-e-type=\"widget\" data-widget_type=\"heading.default\">\n\t\t\t\t<div class=\"elementor-widget-container\">\n\t\t\t\t\t<h2 class=\"elementor-heading-title elementor-size-default\">Menus personnalis\u00e9s pour les groupes<\/h2>\t\t\t\t<\/div>\n\t\t\t\t<\/div>\n\t\t\t\t<div class=\"elementor-element elementor-element-fc21bf0 elementor-widget elementor-widget-heading\" data-id=\"fc21bf0\" data-element_type=\"widget\" data-e-type=\"widget\" data-widget_type=\"heading.default\">\n\t\t\t\t<div class=\"elementor-widget-container\">\n\t\t\t\t\t<h1 class=\"elementor-heading-title elementor-size-default\">C\u00e9l\u00e9brez votre \u00e9v\u00e9nement au restaurant<br>\nde La Mas\u00eda<\/h1>\t\t\t\t<\/div>\n\t\t\t\t<\/div>\n\t\t\t\t<div class=\"elementor-element elementor-element-505cc43 elementor-widget elementor-widget-button\" data-id=\"505cc43\" data-element_type=\"widget\" data-e-type=\"widget\" data-widget_type=\"button.default\">\n\t\t\t\t<div class=\"elementor-widget-container\">\n\t\t\t\t\t\t\t\t\t<div class=\"elementor-button-wrapper\">\n\t\t\t\t\t<a class=\"elementor-button elementor-button-link elementor-size-sm\" href=\"https:\/\/masialapalma.com\/fr\/restaurant-sa-poma\/\" target=\"_blank\">\n\t\t\t\t\t\t<span class=\"elementor-button-content-wrapper\">\n\t\t\t\t\t\t\t\t\t<span class=\"elementor-button-text\">voir le restaurant<\/span>\n\t\t\t\t\t<\/span>\n\t\t\t\t\t<\/a>\n\t\t\t\t<\/div>\n\t\t\t\t\t\t\t\t<\/div>\n\t\t\t\t<\/div>\n\t\t\t\t<\/div>\n\t\t<div class=\"elementor-element elementor-element-6a19f73 e-con-full e-flex e-con e-child\" data-id=\"6a19f73\" data-element_type=\"container\" data-e-type=\"container\" data-settings=\"{&quot;background_background&quot;:&quot;classic&quot;}\">\n\t\t\t\t<\/div>\n\t\t\t\t<\/div>\n\t\t\t\t\t<\/div>\n\t\t\t\t<\/div>\n\t\t<div class=\"elementor-element elementor-element-a1ddc60 e-con-full e-flex e-con e-parent\" data-id=\"a1ddc60\" data-element_type=\"container\" data-e-type=\"container\">\n\t\t\t\t<div class=\"elementor-element elementor-element-f86c5a1 elementor-cta--skin-cover elementor-animated-content elementor-bg-transform elementor-bg-transform-zoom-in elementor-widget elementor-widget-call-to-action\" data-id=\"f86c5a1\" data-element_type=\"widget\" data-e-type=\"widget\" data-widget_type=\"call-to-action.default\">\n\t\t\t\t<div class=\"elementor-widget-container\">\n\t\t\t\t\t\t\t<div class=\"elementor-cta\">\n\t\t\t\t\t<div class=\"elementor-cta__bg-wrapper\">\n\t\t\t\t<div class=\"elementor-cta__bg elementor-bg\" style=\"background-image: url(https:\/\/masialapalma.com\/fr\/wp-content\/uploads\/sites\/3\/Mejor-precio-garantizado-en-Masia-la-Palma.webp);\" role=\"img\" aria-label=\"Mejor precio garantizado en Mas\u00eda la Palma\"><\/div>\n\t\t\t\t<div class=\"elementor-cta__bg-overlay\"><\/div>\n\t\t\t<\/div>\n\t\t\t\t\t\t\t<div class=\"elementor-cta__content\">\n\t\t\t\t\n\t\t\t\t\t\t\t\t\t<h2 class=\"elementor-cta__title elementor-cta__content-item elementor-content-item elementor-animated-item--grow\">\n\t\t\t\t\t\tR\u00e9servez sur le site officiel et b\u00e9n\u00e9ficiez d'avantages exclusifs\t\t\t\t\t<\/h2>\n\t\t\t\t\n\t\t\t\t\t\t\t\t\t<div class=\"elementor-cta__description elementor-cta__content-item elementor-content-item elementor-animated-item--grow\">\n\t\t\t\t\t\tR\u00e9servez directement sur notre site officiel et b\u00e9n\u00e9ficiez du meilleur prix garanti. De plus, en r\u00e9servant chez nous, nous vous offrons le petit-d\u00e9jeuner pour que vous puissiez commencer la journ\u00e9e en pleine forme.\t\t\t\t\t<\/div>\n\t\t\t\t\n\t\t\t\t\t\t\t\t\t<div class=\"elementor-cta__button-wrapper elementor-cta__content-item elementor-content-item elementor-animated-item--grow\">\n\t\t\t\t\t<a class=\"elementor-cta__button elementor-button elementor-size-\" href=\"https:\/\/booking.avirato.com\/?code=59945521&#038;lang=fr\" target=\"_blank\">\n\t\t\t\t\t\tR\u00e9servez et b\u00e9n\u00e9ficiez d'avantages exclusifs\t\t\t\t\t<\/a>\n\t\t\t\t\t<\/div>\n\t\t\t\t\t\t\t<\/div>\n\t\t\t\t\t\t<\/div>\n\t\t\t\t\t\t<\/div>\n\t\t\t\t<\/div>\n\t\t\t\t<\/div>\n\t\t\t\t<\/div>\n\t\t","protected":false},"excerpt":{"rendered":"<p>reserva ahora un espace pour se connecter, c\u00e9l\u00e9brer et partager C\u00e9l\u00e9brez vos \u00e9v\u00e9nements \u00e0 Mas\u00eda La Palma Salles priv\u00e9es. \u00c9quip\u00e9es d&#8217;un projecteur, d&#8217;un tableau \u00e0 feuilles mobiles et d&#8217;une t\u00e9l\u00e9vision. Activit\u00e9s guid\u00e9es. Pause caf\u00e9 dans le jardin. Menus gastronomiques pour les groupes. Yoga, d\u00e9gustations de vins et d&#8217;huiles. 11 chambres uniques. Contact Entour\u00e9 par la [&hellip;]<\/p>\n","protected":false},"author":1,"featured_media":0,"parent":0,"menu_order":0,"comment_status":"closed","ping_status":"closed","template":"elementor_header_footer","meta":{"footnotes":""},"class_list":["post-1280","page","type-page","status-publish","hentry"],"yoast_head":"<!-- This site is optimized with the Yoast SEO plugin v27.4 - https:\/\/yoast.com\/product\/yoast-seo-wordpress\/ -->\n<title>\u00c9v\u00e9nements \u00e0 la Mas\u00eda - H\u00f4tel Mas\u00eda La Palma<\/title>\n<meta name=\"description\" content=\"Organisez vos \u00e9v\u00e9nements \u00e0 la Mas\u00eda. Transformez vos r\u00e9unions d&#039;entreprise, formations ou journ\u00e9es de team building en une exp\u00e9rience unique.\" \/>\n<meta name=\"robots\" content=\"index, follow, max-snippet:-1, max-image-preview:large, max-video-preview:-1\" \/>\n<link rel=\"canonical\" href=\"https:\/\/masialapalma.com\/fr\/evenements-a-la-masia\/\" \/>\n<meta property=\"og:locale\" content=\"es_ES\" \/>\n<meta property=\"og:type\" content=\"article\" \/>\n<meta property=\"og:title\" content=\"\u00c9v\u00e9nements \u00e0 la Mas\u00eda - H\u00f4tel Mas\u00eda La Palma\" \/>\n<meta property=\"og:description\" content=\"Organisez vos \u00e9v\u00e9nements \u00e0 la Mas\u00eda. Transformez vos r\u00e9unions d&#039;entreprise, formations ou journ\u00e9es de team building en une exp\u00e9rience unique.\" \/>\n<meta property=\"og:url\" content=\"https:\/\/masialapalma.com\/fr\/evenements-a-la-masia\/\" \/>\n<meta property=\"og:site_name\" content=\"H\u00f4tel Mas\u00eda La Palma\" \/>\n<meta property=\"article:modified_time\" content=\"2026-02-02T10:35:12+00:00\" \/>\n<meta property=\"og:image\" content=\"https:\/\/masialapalma.com\/fr\/wp-content\/uploads\/sites\/3\/Sala-para-eventos-en-el-Hotel-Masia-La-Palma.webp\" \/>\n\t<meta property=\"og:image:width\" content=\"1000\" \/>\n\t<meta property=\"og:image:height\" content=\"667\" \/>\n\t<meta property=\"og:image:type\" content=\"image\/webp\" \/>\n<meta name=\"twitter:card\" content=\"summary_large_image\" \/>\n<meta name=\"twitter:label1\" content=\"Tiempo de lectura\" \/>\n\t<meta name=\"twitter:data1\" content=\"3 minutos\" \/>\n<script type=\"application\/ld+json\" class=\"yoast-schema-graph\">{\"@context\":\"https:\\\/\\\/schema.org\",\"@graph\":[{\"@type\":\"WebPage\",\"@id\":\"https:\\\/\\\/masialapalma.com\\\/fr\\\/evenements-a-la-masia\\\/\",\"url\":\"https:\\\/\\\/masialapalma.com\\\/fr\\\/evenements-a-la-masia\\\/\",\"name\":\"\u00c9v\u00e9nements \u00e0 la Mas\u00eda - H\u00f4tel Mas\u00eda La Palma\",\"isPartOf\":{\"@id\":\"https:\\\/\\\/masialapalma.com\\\/fr\\\/#website\"},\"primaryImageOfPage\":{\"@id\":\"https:\\\/\\\/masialapalma.com\\\/fr\\\/evenements-a-la-masia\\\/#primaryimage\"},\"image\":{\"@id\":\"https:\\\/\\\/masialapalma.com\\\/fr\\\/evenements-a-la-masia\\\/#primaryimage\"},\"thumbnailUrl\":\"https:\\\/\\\/masialapalma.com\\\/fr\\\/wp-content\\\/uploads\\\/sites\\\/3\\\/Sala-para-eventos-en-el-Hotel-Masia-La-Palma.webp\",\"datePublished\":\"2025-06-10T10:30:02+00:00\",\"dateModified\":\"2026-02-02T10:35:12+00:00\",\"description\":\"Organisez vos \u00e9v\u00e9nements \u00e0 la Mas\u00eda. Transformez vos r\u00e9unions d'entreprise, formations ou journ\u00e9es de team building en une exp\u00e9rience unique.\",\"breadcrumb\":{\"@id\":\"https:\\\/\\\/masialapalma.com\\\/fr\\\/evenements-a-la-masia\\\/#breadcrumb\"},\"inLanguage\":\"es\",\"potentialAction\":[{\"@type\":\"ReadAction\",\"target\":[\"https:\\\/\\\/masialapalma.com\\\/fr\\\/evenements-a-la-masia\\\/\"]}]},{\"@type\":\"ImageObject\",\"inLanguage\":\"es\",\"@id\":\"https:\\\/\\\/masialapalma.com\\\/fr\\\/evenements-a-la-masia\\\/#primaryimage\",\"url\":\"https:\\\/\\\/masialapalma.com\\\/fr\\\/wp-content\\\/uploads\\\/sites\\\/3\\\/Sala-para-eventos-en-el-Hotel-Masia-La-Palma.webp\",\"contentUrl\":\"https:\\\/\\\/masialapalma.com\\\/fr\\\/wp-content\\\/uploads\\\/sites\\\/3\\\/Sala-para-eventos-en-el-Hotel-Masia-La-Palma.webp\",\"width\":1000,\"height\":667,\"caption\":\"Sala para eventos en el Hotel Mas\u00eda La Palma\"},{\"@type\":\"BreadcrumbList\",\"@id\":\"https:\\\/\\\/masialapalma.com\\\/fr\\\/evenements-a-la-masia\\\/#breadcrumb\",\"itemListElement\":[{\"@type\":\"ListItem\",\"position\":1,\"name\":\"Portada\",\"item\":\"https:\\\/\\\/masialapalma.com\\\/fr\\\/\"},{\"@type\":\"ListItem\",\"position\":2,\"name\":\"\u00c9v\u00e9nements \u00e0 la Mas\u00eda\"}]},{\"@type\":\"WebSite\",\"@id\":\"https:\\\/\\\/masialapalma.com\\\/fr\\\/#website\",\"url\":\"https:\\\/\\\/masialapalma.com\\\/fr\\\/\",\"name\":\"H\u00f4tel Mas\u00eda La Palma\",\"description\":\"Gastronomie &amp; SPA\",\"publisher\":{\"@id\":\"https:\\\/\\\/masialapalma.com\\\/fr\\\/#organization\"},\"potentialAction\":[{\"@type\":\"SearchAction\",\"target\":{\"@type\":\"EntryPoint\",\"urlTemplate\":\"https:\\\/\\\/masialapalma.com\\\/fr\\\/?s={search_term_string}\"},\"query-input\":{\"@type\":\"PropertyValueSpecification\",\"valueRequired\":true,\"valueName\":\"search_term_string\"}}],\"inLanguage\":\"es\"},{\"@type\":\"Organization\",\"@id\":\"https:\\\/\\\/masialapalma.com\\\/fr\\\/#organization\",\"name\":\"H\u00f4tel Mas\u00eda La Palma\",\"url\":\"https:\\\/\\\/masialapalma.com\\\/fr\\\/\",\"logo\":{\"@type\":\"ImageObject\",\"inLanguage\":\"es\",\"@id\":\"https:\\\/\\\/masialapalma.com\\\/fr\\\/#\\\/schema\\\/logo\\\/image\\\/\",\"url\":\"https:\\\/\\\/masialapalma.com\\\/fr\\\/wp-content\\\/uploads\\\/sites\\\/3\\\/Logotipo-Masia-La-Palma.webp\",\"contentUrl\":\"https:\\\/\\\/masialapalma.com\\\/fr\\\/wp-content\\\/uploads\\\/sites\\\/3\\\/Logotipo-Masia-La-Palma.webp\",\"width\":500,\"height\":185,\"caption\":\"H\u00f4tel Mas\u00eda La Palma\"},\"image\":{\"@id\":\"https:\\\/\\\/masialapalma.com\\\/fr\\\/#\\\/schema\\\/logo\\\/image\\\/\"}}]}<\/script>\n<!-- \/ Yoast SEO plugin. -->","yoast_head_json":{"title":"\u00c9v\u00e9nements \u00e0 la Mas\u00eda - H\u00f4tel Mas\u00eda La Palma","description":"Organisez vos \u00e9v\u00e9nements \u00e0 la Mas\u00eda. Transformez vos r\u00e9unions d'entreprise, formations ou journ\u00e9es de team building en une exp\u00e9rience unique.","robots":{"index":"index","follow":"follow","max-snippet":"max-snippet:-1","max-image-preview":"max-image-preview:large","max-video-preview":"max-video-preview:-1"},"canonical":"https:\/\/masialapalma.com\/fr\/evenements-a-la-masia\/","og_locale":"es_ES","og_type":"article","og_title":"\u00c9v\u00e9nements \u00e0 la Mas\u00eda - H\u00f4tel Mas\u00eda La Palma","og_description":"Organisez vos \u00e9v\u00e9nements \u00e0 la Mas\u00eda. Transformez vos r\u00e9unions d'entreprise, formations ou journ\u00e9es de team building en une exp\u00e9rience unique.","og_url":"https:\/\/masialapalma.com\/fr\/evenements-a-la-masia\/","og_site_name":"H\u00f4tel Mas\u00eda La Palma","article_modified_time":"2026-02-02T10:35:12+00:00","og_image":[{"width":1000,"height":667,"url":"https:\/\/masialapalma.com\/fr\/wp-content\/uploads\/sites\/3\/Sala-para-eventos-en-el-Hotel-Masia-La-Palma.webp","type":"image\/webp"}],"twitter_card":"summary_large_image","twitter_misc":{"Tiempo de lectura":"3 minutos"},"schema":{"@context":"https:\/\/schema.org","@graph":[{"@type":"WebPage","@id":"https:\/\/masialapalma.com\/fr\/evenements-a-la-masia\/","url":"https:\/\/masialapalma.com\/fr\/evenements-a-la-masia\/","name":"\u00c9v\u00e9nements \u00e0 la Mas\u00eda - H\u00f4tel Mas\u00eda La Palma","isPartOf":{"@id":"https:\/\/masialapalma.com\/fr\/#website"},"primaryImageOfPage":{"@id":"https:\/\/masialapalma.com\/fr\/evenements-a-la-masia\/#primaryimage"},"image":{"@id":"https:\/\/masialapalma.com\/fr\/evenements-a-la-masia\/#primaryimage"},"thumbnailUrl":"https:\/\/masialapalma.com\/fr\/wp-content\/uploads\/sites\/3\/Sala-para-eventos-en-el-Hotel-Masia-La-Palma.webp","datePublished":"2025-06-10T10:30:02+00:00","dateModified":"2026-02-02T10:35:12+00:00","description":"Organisez vos \u00e9v\u00e9nements \u00e0 la Mas\u00eda. Transformez vos r\u00e9unions d'entreprise, formations ou journ\u00e9es de team building en une exp\u00e9rience unique.","breadcrumb":{"@id":"https:\/\/masialapalma.com\/fr\/evenements-a-la-masia\/#breadcrumb"},"inLanguage":"es","potentialAction":[{"@type":"ReadAction","target":["https:\/\/masialapalma.com\/fr\/evenements-a-la-masia\/"]}]},{"@type":"ImageObject","inLanguage":"es","@id":"https:\/\/masialapalma.com\/fr\/evenements-a-la-masia\/#primaryimage","url":"https:\/\/masialapalma.com\/fr\/wp-content\/uploads\/sites\/3\/Sala-para-eventos-en-el-Hotel-Masia-La-Palma.webp","contentUrl":"https:\/\/masialapalma.com\/fr\/wp-content\/uploads\/sites\/3\/Sala-para-eventos-en-el-Hotel-Masia-La-Palma.webp","width":1000,"height":667,"caption":"Sala para eventos en el Hotel Mas\u00eda La Palma"},{"@type":"BreadcrumbList","@id":"https:\/\/masialapalma.com\/fr\/evenements-a-la-masia\/#breadcrumb","itemListElement":[{"@type":"ListItem","position":1,"name":"Portada","item":"https:\/\/masialapalma.com\/fr\/"},{"@type":"ListItem","position":2,"name":"\u00c9v\u00e9nements \u00e0 la Mas\u00eda"}]},{"@type":"WebSite","@id":"https:\/\/masialapalma.com\/fr\/#website","url":"https:\/\/masialapalma.com\/fr\/","name":"H\u00f4tel Mas\u00eda La Palma","description":"Gastronomie &amp; SPA","publisher":{"@id":"https:\/\/masialapalma.com\/fr\/#organization"},"potentialAction":[{"@type":"SearchAction","target":{"@type":"EntryPoint","urlTemplate":"https:\/\/masialapalma.com\/fr\/?s={search_term_string}"},"query-input":{"@type":"PropertyValueSpecification","valueRequired":true,"valueName":"search_term_string"}}],"inLanguage":"es"},{"@type":"Organization","@id":"https:\/\/masialapalma.com\/fr\/#organization","name":"H\u00f4tel Mas\u00eda La Palma","url":"https:\/\/masialapalma.com\/fr\/","logo":{"@type":"ImageObject","inLanguage":"es","@id":"https:\/\/masialapalma.com\/fr\/#\/schema\/logo\/image\/","url":"https:\/\/masialapalma.com\/fr\/wp-content\/uploads\/sites\/3\/Logotipo-Masia-La-Palma.webp","contentUrl":"https:\/\/masialapalma.com\/fr\/wp-content\/uploads\/sites\/3\/Logotipo-Masia-La-Palma.webp","width":500,"height":185,"caption":"H\u00f4tel Mas\u00eda La Palma"},"image":{"@id":"https:\/\/masialapalma.com\/fr\/#\/schema\/logo\/image\/"}}]}},"_links":{"self":[{"href":"https:\/\/masialapalma.com\/fr\/wp-json\/wp\/v2\/pages\/1280","targetHints":{"allow":["GET"]}}],"collection":[{"href":"https:\/\/masialapalma.com\/fr\/wp-json\/wp\/v2\/pages"}],"about":[{"href":"https:\/\/masialapalma.com\/fr\/wp-json\/wp\/v2\/types\/page"}],"author":[{"embeddable":true,"href":"https:\/\/masialapalma.com\/fr\/wp-json\/wp\/v2\/users\/1"}],"replies":[{"embeddable":true,"href":"https:\/\/masialapalma.com\/fr\/wp-json\/wp\/v2\/comments?post=1280"}],"version-history":[{"count":5,"href":"https:\/\/masialapalma.com\/fr\/wp-json\/wp\/v2\/pages\/1280\/revisions"}],"predecessor-version":[{"id":1895,"href":"https:\/\/masialapalma.com\/fr\/wp-json\/wp\/v2\/pages\/1280\/revisions\/1895"}],"wp:attachment":[{"href":"https:\/\/masialapalma.com\/fr\/wp-json\/wp\/v2\/media?parent=1280"}],"curies":[{"name":"wp","href":"https:\/\/api.w.org\/{rel}","templated":true}]}}